{"id":264,"date":"2015-04-28T08:29:31","date_gmt":"2015-04-28T07:29:31","guid":{"rendered":"http:\/\/dev.joomexp.com\/wordpress\/wp-kindergarten\/?page_id=264"},"modified":"2020-05-15T09:33:10","modified_gmt":"2020-05-15T08:33:10","slug":"datenschutzhinweise","status":"publish","type":"page","link":"https:\/\/kiga.news\/?page_id=264","title":{"rendered":"Datenschutzhinweise"},"content":{"rendered":"<p>[vc_row css=&#8220;.vc_custom_1589529544967{background-color: #ffffff !important;}&#8220;][vc_column][vc_column_text]<\/p>\n<h2>Datenschutz<\/h2>\n<div class=\"text\">Wir nehmen den Schutz Ihrer personenbezogenen Daten ernst und beachten die Regeln der anwendbaren Datenschutzgesetze. Es ist uns wichtig, dass Sie jederzeit wissen, welche personenbezogenen Daten w\u00e4hrend Ihres Besuchs auf unserer Webseite und bei Nutzung unserer Angebote erhoben werden und wie wir sie verwenden.<br \/>\nPersonenbezogene Daten sind Einzelangaben \u00fcber pers\u00f6nliche und sachliche Verh\u00e4ltnisse einer bestimmten oder bestimmbaren nat\u00fcrlichen Person.<br \/>\nMit den nachfolgenden Hinweisen m\u00f6chten wir Sie \u00fcber die Erhebung und Verarbeitung Ihrer Daten auf unseren Webseiten informieren:<\/div>\n<h2>Datenschutzrechtlich verantwortliche Stelle<\/h2>\n<div class=\"text\">\n<p>Datenschutzrechtlich verantwortlich ist der im Impressum genannte Rechtstr\u00e4ger. Der \/ Die Datenschutzbeauftragte ist erreichbar unter\u00a0<a href=\"mailto:datenschutz-sued@ordinariat-freiburg.de\">datenschutz-sued@ordinariat-freiburg.de<\/a>.<\/p>\n<p>Postanschrift:\u00a0 Erzbisch\u00f6fliches Ordinariat, Referat Datenschutz, Schoferstr. 2, 79098 Freiburg<\/p>\n<\/div>\n<p>&nbsp;<\/p>\n<h2>Rechtsgrundlagen f\u00fcr die Verarbeitung personenbezogener Daten<\/h2>\n<div class=\"text\">\n<div>Soweit wir f\u00fcr Verarbeitungsvorg\u00e4nge personenbezogener Daten eine Einwilligung der betroffenen Person einholen, dient \u00a7 6 Abs. 1 lit. b KDG als Rechtsgrundlage f\u00fcr die Verarbeitung personenbezogener Daten.<br \/>\nBei der Verarbeitung von personenbezogenen Daten, die zur Erf\u00fcllung eines Vertrages, dessen Vertragspartei die betroffene Person ist, erforderlich ist, dient \u00a7 6 Abs. 1 lit. c KDG als Rechtsgrundlage. Dies gilt auch f\u00fcr Verarbeitungsvorg\u00e4nge, die zur Durchf\u00fchrung vorvertraglicher Ma\u00dfnahmen erforderlich sind.<br \/>\nSoweit eine Verarbeitung personenbezogener Daten zur Erf\u00fcllung einer rechtlichen Verpflichtung erforderlich ist, der die datenschutzrechtlich verantwortliche Stelle unterliegt, dient \u00a7 6 Abs. 1 lit. d KDG als Rechtsgrundlage.<br \/>\nF\u00fcr den Fall, dass lebenswichtige Interessen der betroffenen Person oder einer anderen nat\u00fcrlichen Person eine Verarbeitung personenbezogener Daten erforderlich machen, dient \u00a7 6 Abs. 1 lit. e KDG als Rechtsgrundlage.<br \/>\nIst die Verarbeitung zur Wahrung eines berechtigten Interesses der datenschutzrechtlich verantwortlichen Stelle oder eines Dritten erforderlich und \u00fcberwiegen die Interessen, Grundrechte und Grundfreiheiten des Betroffenen das erstgenannte Interesse nicht, so dient \u00a7 6 Abs. 1 lit. g KDG als Rechtsgrundlage f\u00fcr die Verarbeitung.<\/div>\n<\/div>\n<p>&nbsp;<\/p>\n<h2>Datenl\u00f6schung und Speicherdauer<\/h2>\n<div class=\"text\">\n<div>Die personenbezogenen Daten der betroffenen Person werden gel\u00f6scht oder gesperrt, sobald der Zweck der Speicherung entf\u00e4llt. Eine Speicherung kann dar\u00fcber hinaus dann erfolgen, wenn dies durch den kirchlichen, europ\u00e4ischen oder nationalen Gesetzgeber in kirchlichen oder unionsrechtlichen Verordnungen, Gesetzen oder sonstigen Vorschriften, denen der Verantwortliche unterliegt, vorgesehen wurde. Eine Sperrung oder L\u00f6schung der Daten erfolgt auch dann, wenn eine durch die genannten Normen vorgeschriebene Speicherfrist abl\u00e4uft, es sei denn, dass eine Erforderlichkeit zur weiteren Speicherung der Daten durch einen Vertragsabschluss oder eine Vertragserf\u00fcllung bedingt ist.<\/div>\n<\/div>\n<p>&nbsp;<\/p>\n<h2>Rechte der betroffenen Person<\/h2>\n<div class=\"text\">\n<div>Sie haben nach dem KDG (\u00a7\u00a7 17 ff. KDG) folgende Rechte hinsichtlich der Sie betreffenden personenbezogenen Daten:<\/div>\n<ul>\n<li>Recht auf Auskunft,<\/li>\n<li>Recht auf Berichtigung,<\/li>\n<li>Recht auf L\u00f6schung,<\/li>\n<li>Recht auf Einschr\u00e4nkung der Verarbeitung,<\/li>\n<li>Recht auf Widerspruch gegen die Verarbeitung,<\/li>\n<li>Recht auf Daten\u00fcbertragbarkeit.<\/li>\n<\/ul>\n<div>Sie haben zudem das Recht, sich bei einer Datenschutz-Aufsichtsbeh\u00f6rde bzw. der Datenschutzaufsicht (\u00a7\u00a7 42 ff. KDG) \u00fcber die Verarbeitung Ihrer personenbezogenen Daten zu beschweren.<\/div>\n<\/div>\n<p>&nbsp;<\/p>\n<h2>Beschwerderecht bei der Datenschutz-Aufsichtsbeh\u00f6rde<\/h2>\n<div class=\"text\">\n<div>Sie haben das Recht auf Beschwerde bei einer Aufsichtsbeh\u00f6rde (\u00a7 48 KDG) unbeschadet eines anderweitigen Rechtsbehelfs das Recht auf Beschwerde bei der kirchlichen Datenschutzaufsicht, wenn sie der Ansicht ist, dass die Verarbeitung der sie betreffenden personenbezogenen Daten gegen die Vorschriften des KDG oder gegen andere Datenschutzvorschriften verst\u00f6\u00dft. Zust\u00e4ndige kirchliche Datenschutzaufsicht ist das<br \/>\nKatholisches Datenschutzzentrum Frankfurt (Kd\u00f6R)<br \/>\nDomplatz 3, 60311 Frankfurt<br \/>\nE-Mail:\u00a0<a class=\"email\" title=\"Oeffnet eine neue E-Mail an die Adresse info@kdsz-ffm.de\" href=\"mailto:info@kdsz-ffm.de?subject=%C3%96ffnet%20eine%20neue%20E-Mail%20an%20die%20Adresse%20info@kdsz-ffm.de\" target=\"_self\" rel=\"noopener noreferrer\">info@kdsz-ffm.de<\/a><br \/>\nTel.: 069 800 871 8800<br \/>\n<a title=\"Oeffnet einen externen Link zur Website des Katholischen Datenschutzzentrums Frankfurt in einem neuen Fenster\" href=\"http:\/\/www.kath-datenschutzzentrum-ffm.de\/\" target=\"_blank\" rel=\"noopener noreferrer\">www.kath-datenschutzzentrum-ffm.de<\/a><\/div>\n<\/div>\n<p>&nbsp;<\/p>\n<h2>Kontaktanfragen<\/h2>\n<div class=\"text\">\n<div>Wir verarbeiten Ihre z.B. \u00fcber Kontaktformulare oder E-Mail-Anfragen mitgeteilten Kontaktdaten (wie z. B. Name, E-Mail-Adresse, Anschrift, Telefonnummer) zur Beantwortung Ihrer Kontaktanfragen und f\u00fcr den Versand von Informationen rund um T\u00e4tigkeiten und Veranstaltungen unserer Einrichtung und der katholischen Kirche. Rechtsgrundlage f\u00fcr die Verarbeitung Ihrer personenbezogenen Daten ist Ihre Einwilligung (\u00a76 Abs. 1 lit. b KDG)<\/div>\n<div>Wenn Sie der Verwendung Ihrer Daten f\u00fcr Informationen widersprechen m\u00f6chten, gen\u00fcgt jederzeit eine kurze Nachricht an uns (s. unser Impressum).<\/div>\n<\/div>\n<p>&nbsp;<\/p>\n<h2>Registrierung f\u00fcr den abgeschlossenen Bereich<\/h2>\n<div class=\"text\">\n<div class=\"text\">Wir erheben und verwenden die erforderlichen Registrierungsangaben (wie z.B. Ihre E-Mail-Adresse bzw. Ihren Benutzernamen) sowie Ihre in diesem Zusammenhang mitgeteilten Daten zur Einrichtung und Nutzung unseres abgeschlossenen Online-Bereichs und seiner Funktionen.<\/div>\n<\/div>\n<p>&nbsp;<\/p>\n<h2>Protokolldaten<\/h2>\n<div class=\"text\">\n<div>\n<p>Bei jedem Zugriff eines Nutzers auf eine Seite aus diesem Webseiten-Angebot werden Daten \u00fcber diesen Vorgang tempor\u00e4r in einer Protokolldatei gespeichert. Dies sind:<\/p>\n<ul>\n<li>Informationen zum verwendeten Browser und Betriebssystem<\/li>\n<li>Referrer URL (die zuvor besuchte Seite)<\/li>\n<li>Hostname des zugreifenden Rechners (IP-Adresse)<\/li>\n<li>Datum und Uhrzeit der Serveranfrage.<\/li>\n<\/ul>\n<p>Die tempor\u00e4re Speicherung dieser sog. Server-Logdaten ist zur Erbringung des Dienstes aus technischen Gr\u00fcnden und danach zur Sicherstellung der Systemsicherheit erforderlich.<br \/>\nDie Daten werden nach einer allenfalls statistischen, also anonymisierten Auswertung gel\u00f6scht. Nutzerprofile werden nicht gebildet.<\/p>\n<\/div>\n<\/div>\n<p>&nbsp;<\/p>\n<h2>Cookies<\/h2>\n<div class=\"text\">\n<div>\n<p><a id=\"cookies\" name=\"cookies\"><\/a>Um unseren Internetauftritt benutzerfreundlich zu gestalten und optimal auf Ihre Bed\u00fcrfnisse abzustimmen sowie um die erforderlichen technischen Funktionen zu erm\u00f6glichen und sicherzustellen, werden auf unserer Webseite in einigen Bereichen Cookies eingesetzt, ggfs. auch von Drittanbietern.<br \/>\n&#8222;Cookies&#8220; sind kleine Textdateien, die lokal auf der Festplatte Ihres Endger\u00e4ts (Computer, Smartphone, Tablet) abgelegt und f\u00fcr einen sp\u00e4teren Abruf bereitgehalten werden. Nach Beendigung Ihres Besuchs und Beenden des von Ihnen verwendeten Internetbrowsers werden die meisten Cookies automatisch gel\u00f6scht (sog. Sitzungs-Cookies). Andere Cookies k\u00f6nnen f\u00fcr einen l\u00e4ngeren Zeitraum auf Ihrem Endger\u00e4t verbleiben und erm\u00f6glichen, Ihren Browser beim n\u00e4chsten Besuch wiederzuerkennen (persistente Cookies).<br \/>\nDie Installation von Cookies k\u00f6nnen Sie wie unter \u201eEinwilligung und Ablehnung von Cookies\u201c beschrieben, durch \u00c4nderung der Einstellungen Ihrer Browser Software bestimmen. Allerdings k\u00f6nnen Sie dann unter Umst\u00e4nden nicht mehr alle Funktionen unserer Webseite nutzen.<strong>Einwilligung und Ablehnung von Cookies<\/strong><br \/>\nDie Einwilligung oder Ablehnung von Cookies k\u00f6nnen Sie \u00fcber die Einstellungen Ihres Webbrowsers erkl\u00e4ren. Sie k\u00f6nnen Ihren Webbrowser so einstellen, dass er Sie beim Setzen von Cookies benachrichtigt oder Cookies generell ablehnt. Allerdings k\u00f6nnen Sie dann nicht mehr alle Funktionen unserer Webseite nutzen. \u00dcber die folgenden Links k\u00f6nnen Sie sich \u00fcber diese M\u00f6glichkeit f\u00fcr die am meisten verwendeten Browser informieren:<\/p>\n<ul>\n<li>Internet Explorer:\u00a0<a href=\"https:\/\/support.microsoft.com\/de-de\/help\/17442\/windows-internet-explorer-delete-manage-cookies\" target=\"_blank\" rel=\"noopener noreferrer\">https:\/\/support.microsoft.com\/de-de\/help\/17442\/windows-internet-explorer-delete-manage-cookies<\/a><\/li>\n<li>Firefox:\u00a0<a href=\"http:\/\/support.mozilla.org\/de\/kb\/cookies-informationen-websites-auf-ihrem-computer\" target=\"_blank\" rel=\"noopener noreferrer\">http:\/\/support.mozilla.org\/de\/kb\/cookies-informationen-websites-auf-ihrem-computer<\/a><\/li>\n<li>Google Chrome:\u00a0<a href=\"http:\/\/support.google.com\/chrome\/bin\/answer.py?hl=de&amp;answer=95647\" target=\"_blank\" rel=\"noopener noreferrer\">http:\/\/support.google.com\/chrome\/bin\/answer.py?hl=de&amp;answer=95647<\/a><\/li>\n<li>Safari:\u00a0<a href=\"https:\/\/support.apple.com\/de-de\/guide\/safari\/sfri11471\/mac\" target=\"_blank\" rel=\"noopener noreferrer\">https:\/\/support.apple.com\/de-de\/guide\/safari\/sfri11471\/mac<\/a><\/li>\n<li>Opera:\u00a0<a href=\"https:\/\/help.opera.com\/de\/latest\/web-preferences\/\" target=\"_blank\" rel=\"noopener noreferrer\">https:\/\/help.opera.com\/de\/latest\/web-preferences\/<\/a><\/li>\n<\/ul>\n<\/div>\n<\/div>\n<h2>Google Maps Karten<\/h2>\n<div class=\"text\">\n<div>\n<p>Diese Seite nutzt \u00fcber eine API den Kartendienst Google Maps. Anbieter ist die Google Ireland Limited (\u201eGoogle\u201c), Gordon House, Barrow Street, Dublin 4, Irland.<\/p>\n<p>Welche Daten ein solches Plugin erfasst, kann von uns nicht beeinflusst werden. Ebenso haben wir keinen Einfluss darauf, wie die Daten von Google verwendet werden. Es ist davon auszugehen, dass zumindest die IP-Adresse sowie Informationen \u00fcber die verwendeten Endger\u00e4te erfasst und genutzt werden, ebenso ist nicht auszuschlie\u00dfen, dass von Google Maps versucht wird, Cookies auf den verwendeten Endger\u00e4ten zu speichern. Google kann dadurch \u00fcber den Besuch bestimmter Seiten im Internet informiert werden. Nutzer, die zeitgleich bei Google angemeldet sind, k\u00f6nnen von Google identifiziert werden. Informationen zu den dabei erfassten Daten und deren Nutzung entnehmen Sie bitte den Datenschutzhinweisen von Google, die Sie unter\u00a0<a href=\"https:\/\/www.google.com\/intl\/de_de\/policies\/privacy\/\" target=\"_blank\" rel=\"noopener noreferrer\">https:\/\/www.google.com\/intl\/de_de\/policies\/privacy\/<\/a>\u00a0einsehen k\u00f6nnen.<\/p>\n<\/div>\n<\/div>\n<div class=\"text\">\n<div><\/div>\n<\/div>\n<p>[\/vc_column_text][\/vc_column][\/vc_row]<\/p>\n","protected":false},"excerpt":{"rendered":"<p>[vc_row css=&#8220;.vc_custom_1589529544967{background-color: #ffffff !important;}&#8220;][vc_column][vc_column_text] Datenschutz Wir nehmen den Schutz Ihrer personenbezogenen Daten ernst und beachten die Regeln der anwendbaren Datenschutzgesetze. Es ist uns wichtig, dass Sie jederzeit wissen, welche personenbezogenen Daten w\u00e4hrend Ihres Besuchs auf unserer Webseite und bei Nutzung unserer Angebote erhoben werden und wie wir sie verwenden. Personenbezogene Daten sind Einzelangaben \u00fcber pers\u00f6nliche [&hellip;]<\/p>\n","protected":false},"author":1,"featured_media":0,"parent":0,"menu_order":0,"comment_status":"closed","ping_status":"closed","template":"","meta":[],"_links":{"self":[{"href":"https:\/\/kiga.news\/index.php?rest_route=\/wp\/v2\/pages\/264"}],"collection":[{"href":"https:\/\/kiga.news\/index.php?rest_route=\/wp\/v2\/pages"}],"about":[{"href":"https:\/\/kiga.news\/index.php?rest_route=\/wp\/v2\/types\/page"}],"author":[{"embeddable":true,"href":"https:\/\/kiga.news\/index.php?rest_route=\/wp\/v2\/users\/1"}],"replies":[{"embeddable":true,"href":"https:\/\/kiga.news\/index.php?rest_route=%2Fwp%2Fv2%2Fcomments&post=264"}],"version-history":[{"count":9,"href":"https:\/\/kiga.news\/index.php?rest_route=\/wp\/v2\/pages\/264\/revisions"}],"predecessor-version":[{"id":3380,"href":"https:\/\/kiga.news\/index.php?rest_route=\/wp\/v2\/pages\/264\/revisions\/3380"}],"wp:attachment":[{"href":"https:\/\/kiga.news\/index.php?rest_route=%2Fwp%2Fv2%2Fmedia&parent=264"}],"curies":[{"name":"wp","href":"https:\/\/api.w.org\/{rel}","templated":true}]}}